{"id":48,"date":"2024-09-27T00:42:45","date_gmt":"2024-09-27T00:42:45","guid":{"rendered":"https:\/\/mam.nc\/?page_id=48"},"modified":"2025-02-20T15:40:14","modified_gmt":"2025-02-20T04:40:14","slug":"mentions-legales","status":"publish","type":"page","link":"https:\/\/mam.nc\/en\/mentions-legales\/","title":{"rendered":"Mentions l\u00e9gales"},"content":{"rendered":"[et_pb_section admin_label=\u00a0\u00bbsection\u00a0\u00bb]\n\t\t\t[et_pb_row admin_label=\u00a0\u00bbrow\u00a0\u00bb]\n\t\t\t\t[et_pb_column type=\u00a0\u00bb4_4&Prime;][et_pb_text admin_label=\u00a0\u00bbText\u00a0\u00bb]\n<p>En vertu de l\u2019article 6 de la loi n\u00b0 2004-575 du 21 juin 2004 pour la confiance dans l\u2019\u00e9conomie num\u00e9rique, il est pr\u00e9cis\u00e9 aux utilisateurs du site internet\u202f<a href=\"https:\/\/www.mam.nc\/\" target=\"_blank\" rel=\"noreferrer noopener\">https:\/\/www.mam.nc<\/a>\u202fl\u2019identit\u00e9 des diff\u00e9rents intervenants dans le cadre de sa r\u00e9alisation et de son suivi:<\/p>\n\n\n\n<h2 class=\"wp-block-heading\"><strong>1.\u202f\u00c9diteur du site<\/strong><\/h2>\n\n\n\n<p>Le pr\u00e9sent site est \u00e9dit\u00e9 par :<\/p>\n\n\n\n<ul class=\"wp-block-list\">\n<li>Nom de l\u2019entreprise\u202f: SARL ASSISTANCE CONNECTEE<\/li>\n<\/ul>\n\n\n\n<ul class=\"wp-block-list\">\n<li>Forme juridique\u202f: SARL<\/li>\n<\/ul>\n\n\n\n<ul class=\"wp-block-list\">\n<li>Capital social\u202f: 100 000 XPF\u202f<\/li>\n<\/ul>\n\n\n\n<ul class=\"wp-block-list\">\n<li>Si\u00e8ge social\u202f: 71 rue Auguste Benebig 98800, Noum\u00e9a \u2013 Nouvelle-Cal\u00e9donie<\/li>\n<\/ul>\n\n\n\n<ul class=\"wp-block-list\">\n<li>Num\u00e9ro RIDET\u202f: 1 503 499<\/li>\n<\/ul>\n\n\n\n<h2 class=\"wp-block-heading\"><strong>2.\u202fDirecteur de la publication<\/strong><\/h2>\n\n\n\n<ul class=\"wp-block-list\">\n<li><strong>Nom et pr\u00e9nom\u202f: <\/strong>Jean-Marc Brecard<\/li>\n<\/ul>\n\n\n\n<ul class=\"wp-block-list\">\n<li><strong>Fonction\u202f: <\/strong>G\u00e9rant<\/li>\n<\/ul>\n\n\n\n<h2 class=\"wp-block-heading\"><strong>4.\u202fH\u00e9bergeur du site<\/strong><\/h2>\n\n\n\n<p>H\u00e9bergeur : XSOLUTIONS \u2013 R\u00e9sidence Les Lucioles \u2013 28 route de l\u2019anse vata \u2013 Quartier Latin \u2013 Noum\u00e9a \u2013 Ridet : 1 579 531.001<\/p>\n\n\n\n<h2 class=\"wp-block-heading\"><strong>5.\u202fPropri\u00e9t\u00e9 intellectuelle<\/strong><\/h2>\n\n\n\n<p><a href=\"https:\/\/www.mam.nc%20\/\" target=\"_blank\" rel=\"noreferrer noopener\"><strong>https:\/\/www.mam.nc<\/strong>\u202f<\/a> est propri\u00e9taire des droits de propri\u00e9t\u00e9 intellectuelle et d\u00e9tient les droits d\u2019usage sur tous les \u00e9l\u00e9ments accessibles sur le site internet, notamment les textes, images, graphismes, logos, vid\u00e9os, ic\u00f4nes et sons. Toute reproduction, repr\u00e9sentation, modification, publication, adaptation de tout ou partie des \u00e9l\u00e9ments du site, quel que soit le moyen ou le proc\u00e9d\u00e9 utilis\u00e9, est interdite, sauf autorisation \u00e9crite pr\u00e9alable de :\u202f<a href=\"https:\/\/www.mam.nc\/\" target=\"_blank\" rel=\"noreferrer noopener\"><strong>https:\/\/www.mam.nc<\/strong><\/a><\/p>\n\n\n\n<p>Toute exploitation non autoris\u00e9e du site ou de l\u2019un quelconque des \u00e9l\u00e9ments qu\u2019il contient sera consid\u00e9r\u00e9e comme constitutive d\u2019une contrefa\u00e7on et poursuivie conform\u00e9ment aux dispositions des articles L.335-2 et suivants du Code de Propri\u00e9t\u00e9 Intellectuelle.<\/p>\n\n\n\n<h2 class=\"wp-block-heading\"><strong>6.\u202fDonn\u00e9es personnelles<\/strong><\/h2>\n\n\n\n<p>Pour toute information concernant la collecte, l\u2019utilisation et la protection de vos donn\u00e9es personnelles, veuillez consulter notre Politique de Protection des Donn\u00e9es.<\/p>\n\n\n\n<h2 class=\"wp-block-heading\"><strong>7.\u202fCookies<\/strong><\/h2>\n\n\n\n<p>Le site utilise des cookies pour optimiser l\u2019exp\u00e9rience utilisateur et \u00e0 des fins de statistiques de fr\u00e9quentation. Pour en savoir plus et g\u00e9rer vos pr\u00e9f\u00e9rences, veuillez consulter notre Politique de Cookies.<\/p>\n\n\n\n<h2 class=\"wp-block-heading\"><strong>8.\u202fLimitation de responsabilit\u00e9<\/strong><\/h2>\n\n\n\n<p><a href=\"https:\/\/www.mam.nc%20\/\" target=\"_blank\" rel=\"noreferrer noopener\"><strong>https:\/\/www.mam.nc<\/strong>\u202f<\/a> agit en tant qu\u2019\u00e9diteur du site. <a href=\"https:\/\/www.mam.nc\/\" target=\"_blank\" rel=\"noreferrer noopener\"><strong>https:\/\/www.mam.nc<\/strong><\/a>\u202f\u202fest responsable de la qualit\u00e9 et de la v\u00e9racit\u00e9 du Contenu qu\u2019il publie.<\/p>\n\n\n\n<p><a href=\"https:\/\/www.mam.nc%20\/\" target=\"_blank\" rel=\"noreferrer noopener\"><strong>https:\/\/www.mam.nc<\/strong>\u202f<\/a> ne pourra \u00eatre tenu responsable des dommages directs et indirects caus\u00e9s au mat\u00e9riel de l\u2019utilisateur, lors de l\u2019acc\u00e8s au site internet\u202f<a href=\"https:\/\/www.mam.nc\/\" target=\"_blank\" rel=\"noreferrer noopener\"><strong>https:\/\/www.mam.nc<\/strong><\/a>, et r\u00e9sultant soit de l\u2019utilisation d\u2019un mat\u00e9riel ne r\u00e9pondant pas aux sp\u00e9cifications indiqu\u00e9es au point 4, soit de l\u2019apparition d\u2019un bug ou d\u2019une incompatibilit\u00e9.<\/p>\n\n\n\n<p><a href=\"https:\/\/www.mam.nc%20\/\" target=\"_blank\" rel=\"noreferrer noopener\"><strong>https:\/\/www.mam.nc<\/strong>\u202f<\/a> ne pourra \u00e9galement \u00eatre tenu responsable des dommages indirects (tels par exemple qu\u2019une perte de march\u00e9 ou perte d\u2019une chance) cons\u00e9cutifs \u00e0 l\u2019utilisation du site\u202f<a href=\"https:\/\/www.mam.nc\/\" target=\"_blank\" rel=\"noreferrer noopener\"><strong>https:\/\/www.mam.nc<\/strong><\/a>. Des espaces interactifs (possibilit\u00e9 de poser des questions dans l\u2019espace contact) sont \u00e0 la disposition des utilisateurs.\u202f<a href=\"https:\/\/www.mam.nc\/\" target=\"_blank\" rel=\"noreferrer noopener\"><strong>https:\/\/www.mam.nc<\/strong><\/a> \u202fse r\u00e9serve le droit de supprimer, sans mise en demeure pr\u00e9alable, tout contenu d\u00e9pos\u00e9 dans cet espace qui contreviendrait \u00e0 la l\u00e9gislation applicable en France, en particulier aux dispositions relatives \u00e0 la protection des donn\u00e9es. Le cas \u00e9ch\u00e9ant,\u202f<a href=\"https:\/\/www.mam.nc\/\" target=\"_blank\" rel=\"noreferrer noopener\"><strong>https:\/\/www.mam.nc<\/strong><\/a>\u202f se r\u00e9serve \u00e9galement la possibilit\u00e9 de mettre en cause la responsabilit\u00e9 civile et\/ou p\u00e9nale de l\u2019utilisateur, notamment en cas de message \u00e0 caract\u00e8re raciste, injurieux, diffamant, ou pornographique, quel que soit le support utilis\u00e9 (texte, photographie \u2026).&nbsp;<\/p>\n\n\n\n<h2 class=\"wp-block-heading\"><strong>9.\u202fDroit applicable et juridiction comp\u00e9tente<\/strong>&nbsp;<\/h2>\n\n\n\n<p>Les pr\u00e9sentes mentions l\u00e9gales sont r\u00e9gies par le droit fran\u00e7ais. En dehors des cas o\u00f9 la loi ne le permet pas, il est fait attribution exclusive de juridiction aux tribunaux comp\u00e9tents de Noum\u00e9a.<\/p>\n\n\n\n<h2 class=\"wp-block-heading\"><strong>10.\u202fContact<\/strong><\/h2>\n\n\n\n<p>Pour toute question ou demande d&rsquo;information concernant le site, vous pouvez nous contacter :&nbsp;<\/p>\n\n\n\n<ul class=\"wp-block-list\">\n<li>Par e-mail : c&#111;&#x6e;&#x74;&#x61;c&#116;&#x40;&#x6d;&#x61;m&#46;&#x6e;&#x63;&nbsp;<\/li>\n<\/ul>\n\n\n\n<ul class=\"wp-block-list\">\n<li>Par t\u00e9l\u00e9phone : +687 29 76 26&nbsp;<\/li>\n<\/ul>\n[\/et_pb_text][\/et_pb_column]\n\t\t\t[\/et_pb_row]\n\t\t[\/et_pb_section]","protected":false},"excerpt":{"rendered":"<p>En vertu de l\u2019article 6 de la loi n\u00b0 2004-575 du 21 juin 2004 pour la confiance dans l\u2019\u00e9conomie num\u00e9rique, il est pr\u00e9cis\u00e9 aux utilisateurs du site internet\u202fhttps:\/\/www.mam.nc\u202fl\u2019identit\u00e9 des diff\u00e9rents intervenants dans le cadre de sa r\u00e9alisation et de son suivi: 1.\u202f\u00c9diteur du site Le pr\u00e9sent site est \u00e9dit\u00e9 par : Nom de l\u2019entreprise\u202f: SARL [&hellip;]<\/p>\n","protected":false},"author":1,"featured_media":0,"parent":0,"menu_order":0,"comment_status":"closed","ping_status":"closed","template":"page-template-fullwidth.php","meta":{"_et_pb_use_builder":"on","_et_pb_old_content":"<!-- wp:paragraph -->\n<p>En vertu de l\u2019article 6 de la loi n\u00b0 2004-575 du 21 juin 2004 pour la confiance dans l\u2019\u00e9conomie num\u00e9rique, il est pr\u00e9cis\u00e9 aux utilisateurs du site internet\u202f<a href=\"https:\/\/www.mam.nc\/\" target=\"_blank\" rel=\"noreferrer noopener\">https:\/\/www.mam.nc<\/a>\u202fl\u2019identit\u00e9 des diff\u00e9rents intervenants dans le cadre de sa r\u00e9alisation et de son suivi:<\/p>\n<!-- \/wp:paragraph -->\n\n<!-- wp:heading -->\n<h2 class=\"wp-block-heading\"><strong>1.\u202f\u00c9diteur du site<\/strong><\/h2>\n<!-- \/wp:heading -->\n\n<!-- wp:paragraph -->\n<p>Le pr\u00e9sent site est \u00e9dit\u00e9 par :<\/p>\n<!-- \/wp:paragraph -->\n\n<!-- wp:list -->\n<ul class=\"wp-block-list\"><!-- wp:list-item -->\n<li>Nom de l\u2019entreprise\u202f: SARL ASSISTANCE CONNECTEE<\/li>\n<!-- \/wp:list-item --><\/ul>\n<!-- \/wp:list -->\n\n<!-- wp:list -->\n<ul class=\"wp-block-list\"><!-- wp:list-item -->\n<li>Forme juridique\u202f: SARL<\/li>\n<!-- \/wp:list-item --><\/ul>\n<!-- \/wp:list -->\n\n<!-- wp:list -->\n<ul class=\"wp-block-list\"><!-- wp:list-item -->\n<li>Capital social\u202f: 100 000 XPF\u202f<\/li>\n<!-- \/wp:list-item --><\/ul>\n<!-- \/wp:list -->\n\n<!-- wp:list -->\n<ul class=\"wp-block-list\"><!-- wp:list-item -->\n<li>Si\u00e8ge social\u202f: 71 rue Auguste Benebig 98800, Noum\u00e9a \u2013 Nouvelle-Cal\u00e9donie<\/li>\n<!-- \/wp:list-item --><\/ul>\n<!-- \/wp:list -->\n\n<!-- wp:list -->\n<ul class=\"wp-block-list\"><!-- wp:list-item -->\n<li>Num\u00e9ro RIDET\u202f: 1 503 499<\/li>\n<!-- \/wp:list-item --><\/ul>\n<!-- \/wp:list -->\n\n<!-- wp:heading -->\n<h2 class=\"wp-block-heading\"><strong>2.\u202fDirecteur de la publication<\/strong><\/h2>\n<!-- \/wp:heading -->\n\n<!-- wp:list -->\n<ul class=\"wp-block-list\"><!-- wp:list-item -->\n<li><strong>Nom et pr\u00e9nom\u202f: <\/strong>Jean-Marc Brecard<\/li>\n<!-- \/wp:list-item --><\/ul>\n<!-- \/wp:list -->\n\n<!-- wp:list -->\n<ul class=\"wp-block-list\"><!-- wp:list-item -->\n<li><strong>Fonction\u202f: <\/strong>G\u00e9rant<\/li>\n<!-- \/wp:list-item --><\/ul>\n<!-- \/wp:list -->\n\n<!-- wp:heading -->\n<h2 class=\"wp-block-heading\"><strong>4.\u202fH\u00e9bergeur du site<\/strong><\/h2>\n<!-- \/wp:heading -->\n\n<!-- wp:paragraph -->\n<p>H\u00e9bergeur : XSOLUTIONS \u2013 R\u00e9sidence Les Lucioles \u2013 28 route de l\u2019anse vata \u2013 Quartier Latin \u2013 Noum\u00e9a \u2013 Ridet : 1 579 531.001<\/p>\n<!-- \/wp:paragraph -->\n\n<!-- wp:heading -->\n<h2 class=\"wp-block-heading\"><strong>5.\u202fPropri\u00e9t\u00e9 intellectuelle<\/strong><\/h2>\n<!-- \/wp:heading -->\n\n<!-- wp:paragraph -->\n<p><a href=\"https:\/\/www.mam.nc%20\/\" target=\"_blank\" rel=\"noreferrer noopener\"><strong>https:\/\/www.mam.nc<\/strong>\u202f<\/a> est propri\u00e9taire des droits de propri\u00e9t\u00e9 intellectuelle et d\u00e9tient les droits d\u2019usage sur tous les \u00e9l\u00e9ments accessibles sur le site internet, notamment les textes, images, graphismes, logos, vid\u00e9os, ic\u00f4nes et sons. Toute reproduction, repr\u00e9sentation, modification, publication, adaptation de tout ou partie des \u00e9l\u00e9ments du site, quel que soit le moyen ou le proc\u00e9d\u00e9 utilis\u00e9, est interdite, sauf autorisation \u00e9crite pr\u00e9alable de :\u202f<a href=\"https:\/\/www.mam.nc\/\" target=\"_blank\" rel=\"noreferrer noopener\"><strong>https:\/\/www.mam.nc<\/strong><\/a><\/p>\n<!-- \/wp:paragraph -->\n\n<!-- wp:paragraph -->\n<p>Toute exploitation non autoris\u00e9e du site ou de l\u2019un quelconque des \u00e9l\u00e9ments qu\u2019il contient sera consid\u00e9r\u00e9e comme constitutive d\u2019une contrefa\u00e7on et poursuivie conform\u00e9ment aux dispositions des articles L.335-2 et suivants du Code de Propri\u00e9t\u00e9 Intellectuelle.<\/p>\n<!-- \/wp:paragraph -->\n\n<!-- wp:heading -->\n<h2 class=\"wp-block-heading\"><strong>6.\u202fDonn\u00e9es personnelles<\/strong><\/h2>\n<!-- \/wp:heading -->\n\n<!-- wp:paragraph -->\n<p>Pour toute information concernant la collecte, l\u2019utilisation et la protection de vos donn\u00e9es personnelles, veuillez consulter notre Politique de Protection des Donn\u00e9es.<\/p>\n<!-- \/wp:paragraph -->\n\n<!-- wp:heading -->\n<h2 class=\"wp-block-heading\"><strong>7.\u202fCookies<\/strong><\/h2>\n<!-- \/wp:heading -->\n\n<!-- wp:paragraph -->\n<p>Le site utilise des cookies pour optimiser l\u2019exp\u00e9rience utilisateur et \u00e0 des fins de statistiques de fr\u00e9quentation. Pour en savoir plus et g\u00e9rer vos pr\u00e9f\u00e9rences, veuillez consulter notre Politique de Cookies.<\/p>\n<!-- \/wp:paragraph -->\n\n<!-- wp:heading -->\n<h2 class=\"wp-block-heading\"><strong>8.\u202fLimitation de responsabilit\u00e9<\/strong><\/h2>\n<!-- \/wp:heading -->\n\n<!-- wp:paragraph -->\n<p><a href=\"https:\/\/www.mam.nc%20\/\" target=\"_blank\" rel=\"noreferrer noopener\"><strong>https:\/\/www.mam.nc<\/strong>\u202f<\/a> agit en tant qu\u2019\u00e9diteur du site. <a href=\"https:\/\/www.mam.nc\/\" target=\"_blank\" rel=\"noreferrer noopener\"><strong>https:\/\/www.mam.nc<\/strong><\/a>\u202f\u202fest responsable de la qualit\u00e9 et de la v\u00e9racit\u00e9 du Contenu qu\u2019il publie.<\/p>\n<!-- \/wp:paragraph -->\n\n<!-- wp:paragraph -->\n<p><a href=\"https:\/\/www.mam.nc%20\/\" target=\"_blank\" rel=\"noreferrer noopener\"><strong>https:\/\/www.mam.nc<\/strong>\u202f<\/a> ne pourra \u00eatre tenu responsable des dommages directs et indirects caus\u00e9s au mat\u00e9riel de l\u2019utilisateur, lors de l\u2019acc\u00e8s au site internet\u202f<a href=\"https:\/\/www.mam.nc\/\" target=\"_blank\" rel=\"noreferrer noopener\"><strong>https:\/\/www.mam.nc<\/strong><\/a>, et r\u00e9sultant soit de l\u2019utilisation d\u2019un mat\u00e9riel ne r\u00e9pondant pas aux sp\u00e9cifications indiqu\u00e9es au point 4, soit de l\u2019apparition d\u2019un bug ou d\u2019une incompatibilit\u00e9.<\/p>\n<!-- \/wp:paragraph -->\n\n<!-- wp:paragraph -->\n<p><a href=\"https:\/\/www.mam.nc%20\/\" target=\"_blank\" rel=\"noreferrer noopener\"><strong>https:\/\/www.mam.nc<\/strong>\u202f<\/a> ne pourra \u00e9galement \u00eatre tenu responsable des dommages indirects (tels par exemple qu\u2019une perte de march\u00e9 ou perte d\u2019une chance) cons\u00e9cutifs \u00e0 l\u2019utilisation du site\u202f<a href=\"https:\/\/www.mam.nc\/\" target=\"_blank\" rel=\"noreferrer noopener\"><strong>https:\/\/www.mam.nc<\/strong><\/a>. Des espaces interactifs (possibilit\u00e9 de poser des questions dans l\u2019espace contact) sont \u00e0 la disposition des utilisateurs.\u202f<a href=\"https:\/\/www.mam.nc\/\" target=\"_blank\" rel=\"noreferrer noopener\"><strong>https:\/\/www.mam.nc<\/strong><\/a> \u202fse r\u00e9serve le droit de supprimer, sans mise en demeure pr\u00e9alable, tout contenu d\u00e9pos\u00e9 dans cet espace qui contreviendrait \u00e0 la l\u00e9gislation applicable en France, en particulier aux dispositions relatives \u00e0 la protection des donn\u00e9es. Le cas \u00e9ch\u00e9ant,\u202f<a href=\"https:\/\/www.mam.nc\/\" target=\"_blank\" rel=\"noreferrer noopener\"><strong>https:\/\/www.mam.nc<\/strong><\/a>\u202f se r\u00e9serve \u00e9galement la possibilit\u00e9 de mettre en cause la responsabilit\u00e9 civile et\/ou p\u00e9nale de l\u2019utilisateur, notamment en cas de message \u00e0 caract\u00e8re raciste, injurieux, diffamant, ou pornographique, quel que soit le support utilis\u00e9 (texte, photographie \u2026).&nbsp;<\/p>\n<!-- \/wp:paragraph -->\n\n<!-- wp:heading -->\n<h2 class=\"wp-block-heading\"><strong>9.\u202fDroit applicable et juridiction comp\u00e9tente<\/strong>&nbsp;<\/h2>\n<!-- \/wp:heading -->\n\n<!-- wp:paragraph -->\n<p>Les pr\u00e9sentes mentions l\u00e9gales sont r\u00e9gies par le droit fran\u00e7ais. En dehors des cas o\u00f9 la loi ne le permet pas, il est fait attribution exclusive de juridiction aux tribunaux comp\u00e9tents de Noum\u00e9a.<\/p>\n<!-- \/wp:paragraph -->\n\n<!-- wp:heading -->\n<h2 class=\"wp-block-heading\"><strong>10.\u202fContact<\/strong><\/h2>\n<!-- \/wp:heading -->\n\n<!-- wp:paragraph -->\n<p>Pour toute question ou demande d'information concernant le site, vous pouvez nous contacter :&nbsp;<\/p>\n<!-- \/wp:paragraph -->\n\n<!-- wp:list -->\n<ul class=\"wp-block-list\"><!-- wp:list-item -->\n<li>Par e-mail : contact@mam.nc&nbsp;<\/li>\n<!-- \/wp:list-item --><\/ul>\n<!-- \/wp:list -->\n\n<!-- wp:list -->\n<ul class=\"wp-block-list\"><!-- wp:list-item -->\n<li>Par t\u00e9l\u00e9phone : +687 29 76 26&nbsp;<\/li>\n<!-- \/wp:list-item --><\/ul>\n<!-- \/wp:list -->","_et_gb_content_width":"","footnotes":""},"class_list":["post-48","page","type-page","status-publish","hentry"],"yoast_head":"<!-- This site is optimized with the Yoast SEO plugin v27.5 - https:\/\/yoast.com\/product\/yoast-seo-wordpress\/ -->\n<title>Mentions l\u00e9gales - MAM<\/title>\n<meta name=\"robots\" content=\"index, follow, max-snippet:-1, max-image-preview:large, max-video-preview:-1\" \/>\n<link rel=\"canonical\" href=\"https:\/\/mam.nc\/en\/mentions-legales\/\" \/>\n<meta property=\"og:locale\" content=\"en_GB\" \/>\n<meta property=\"og:type\" content=\"article\" \/>\n<meta property=\"og:title\" content=\"Mentions l\u00e9gales - MAM\" \/>\n<meta property=\"og:description\" content=\"En vertu de l\u2019article 6 de la loi n\u00b0 2004-575 du 21 juin 2004 pour la confiance dans l\u2019\u00e9conomie num\u00e9rique, il est pr\u00e9cis\u00e9 aux utilisateurs du site internet\u202fhttps:\/\/www.mam.nc\u202fl\u2019identit\u00e9 des diff\u00e9rents intervenants dans le cadre de sa r\u00e9alisation et de son suivi: 1.\u202f\u00c9diteur du site Le pr\u00e9sent site est \u00e9dit\u00e9 par : Nom de l\u2019entreprise\u202f: SARL [&hellip;]\" \/>\n<meta property=\"og:url\" content=\"https:\/\/mam.nc\/en\/mentions-legales\/\" \/>\n<meta property=\"og:site_name\" content=\"MAM\" \/>\n<meta property=\"article:publisher\" content=\"https:\/\/www.facebook.com\/MamAssistanceConnectee\/\" \/>\n<meta property=\"article:modified_time\" content=\"2025-02-20T04:40:14+00:00\" \/>\n<meta property=\"og:image\" content=\"https:\/\/mam.nc\/wp-content\/uploads\/2024\/09\/LOGO_MAM_V2-01-1.webp\" \/>\n\t<meta property=\"og:image:width\" content=\"442\" \/>\n\t<meta property=\"og:image:height\" content=\"292\" \/>\n\t<meta property=\"og:image:type\" content=\"image\/webp\" \/>\n<meta name=\"twitter:card\" content=\"summary_large_image\" \/>\n<meta name=\"twitter:label1\" content=\"Estimated reading time\" \/>\n\t<meta name=\"twitter:data1\" content=\"3 minutes\" \/>\n<script type=\"application\/ld+json\" class=\"yoast-schema-graph\">{\"@context\":\"https:\\\/\\\/schema.org\",\"@graph\":[{\"@type\":\"WebPage\",\"@id\":\"https:\\\/\\\/mam.nc\\\/mentions-legales\\\/\",\"url\":\"https:\\\/\\\/mam.nc\\\/mentions-legales\\\/\",\"name\":\"Mentions l\u00e9gales - MAM\",\"isPartOf\":{\"@id\":\"https:\\\/\\\/mam.nc\\\/#website\"},\"datePublished\":\"2024-09-27T00:42:45+00:00\",\"dateModified\":\"2025-02-20T04:40:14+00:00\",\"breadcrumb\":{\"@id\":\"https:\\\/\\\/mam.nc\\\/mentions-legales\\\/#breadcrumb\"},\"inLanguage\":\"en-GB\",\"potentialAction\":[{\"@type\":\"ReadAction\",\"target\":[\"https:\\\/\\\/mam.nc\\\/mentions-legales\\\/\"]}]},{\"@type\":\"BreadcrumbList\",\"@id\":\"https:\\\/\\\/mam.nc\\\/mentions-legales\\\/#breadcrumb\",\"itemListElement\":[{\"@type\":\"ListItem\",\"position\":1,\"name\":\"Accueil\",\"item\":\"https:\\\/\\\/mam.nc\\\/\"},{\"@type\":\"ListItem\",\"position\":2,\"name\":\"Mentions l\u00e9gales\"}]},{\"@type\":\"WebSite\",\"@id\":\"https:\\\/\\\/mam.nc\\\/#website\",\"url\":\"https:\\\/\\\/mam.nc\\\/\",\"name\":\"MAM\",\"description\":\"Votre assistance connect\u00e9e pour gagner en s\u00e9r\u00e9nit\u00e9\",\"publisher\":{\"@id\":\"https:\\\/\\\/mam.nc\\\/#organization\"},\"potentialAction\":[{\"@type\":\"SearchAction\",\"target\":{\"@type\":\"EntryPoint\",\"urlTemplate\":\"https:\\\/\\\/mam.nc\\\/?s={search_term_string}\"},\"query-input\":{\"@type\":\"PropertyValueSpecification\",\"valueRequired\":true,\"valueName\":\"search_term_string\"}}],\"inLanguage\":\"en-GB\"},{\"@type\":\"Organization\",\"@id\":\"https:\\\/\\\/mam.nc\\\/#organization\",\"name\":\"MAM\",\"url\":\"https:\\\/\\\/mam.nc\\\/\",\"logo\":{\"@type\":\"ImageObject\",\"inLanguage\":\"en-GB\",\"@id\":\"https:\\\/\\\/mam.nc\\\/#\\\/schema\\\/logo\\\/image\\\/\",\"url\":\"https:\\\/\\\/mam.nc\\\/wp-content\\\/uploads\\\/2024\\\/09\\\/LOGO_MAM_V2-01-1.webp\",\"contentUrl\":\"https:\\\/\\\/mam.nc\\\/wp-content\\\/uploads\\\/2024\\\/09\\\/LOGO_MAM_V2-01-1.webp\",\"width\":442,\"height\":292,\"caption\":\"MAM\"},\"image\":{\"@id\":\"https:\\\/\\\/mam.nc\\\/#\\\/schema\\\/logo\\\/image\\\/\"},\"sameAs\":[\"https:\\\/\\\/www.facebook.com\\\/MamAssistanceConnectee\\\/\",\"https:\\\/\\\/www.linkedin.com\\\/company\\\/mam-l-assistance-connectee\\\/\"]}]}<\/script>\n<!-- \/ Yoast SEO plugin. -->","yoast_head_json":{"title":"Mentions l\u00e9gales - MAM","robots":{"index":"index","follow":"follow","max-snippet":"max-snippet:-1","max-image-preview":"max-image-preview:large","max-video-preview":"max-video-preview:-1"},"canonical":"https:\/\/mam.nc\/en\/mentions-legales\/","og_locale":"en_GB","og_type":"article","og_title":"Mentions l\u00e9gales - MAM","og_description":"En vertu de l\u2019article 6 de la loi n\u00b0 2004-575 du 21 juin 2004 pour la confiance dans l\u2019\u00e9conomie num\u00e9rique, il est pr\u00e9cis\u00e9 aux utilisateurs du site internet\u202fhttps:\/\/www.mam.nc\u202fl\u2019identit\u00e9 des diff\u00e9rents intervenants dans le cadre de sa r\u00e9alisation et de son suivi: 1.\u202f\u00c9diteur du site Le pr\u00e9sent site est \u00e9dit\u00e9 par : Nom de l\u2019entreprise\u202f: SARL [&hellip;]","og_url":"https:\/\/mam.nc\/en\/mentions-legales\/","og_site_name":"MAM","article_publisher":"https:\/\/www.facebook.com\/MamAssistanceConnectee\/","article_modified_time":"2025-02-20T04:40:14+00:00","og_image":[{"width":442,"height":292,"url":"https:\/\/mam.nc\/wp-content\/uploads\/2024\/09\/LOGO_MAM_V2-01-1.webp","type":"image\/webp"}],"twitter_card":"summary_large_image","twitter_misc":{"Estimated reading time":"3 minutes"},"schema":{"@context":"https:\/\/schema.org","@graph":[{"@type":"WebPage","@id":"https:\/\/mam.nc\/mentions-legales\/","url":"https:\/\/mam.nc\/mentions-legales\/","name":"Mentions l\u00e9gales - MAM","isPartOf":{"@id":"https:\/\/mam.nc\/#website"},"datePublished":"2024-09-27T00:42:45+00:00","dateModified":"2025-02-20T04:40:14+00:00","breadcrumb":{"@id":"https:\/\/mam.nc\/mentions-legales\/#breadcrumb"},"inLanguage":"en-GB","potentialAction":[{"@type":"ReadAction","target":["https:\/\/mam.nc\/mentions-legales\/"]}]},{"@type":"BreadcrumbList","@id":"https:\/\/mam.nc\/mentions-legales\/#breadcrumb","itemListElement":[{"@type":"ListItem","position":1,"name":"Accueil","item":"https:\/\/mam.nc\/"},{"@type":"ListItem","position":2,"name":"Mentions l\u00e9gales"}]},{"@type":"WebSite","@id":"https:\/\/mam.nc\/#website","url":"https:\/\/mam.nc\/","name":"MAM","description":"Votre assistance connect\u00e9e pour gagner en s\u00e9r\u00e9nit\u00e9","publisher":{"@id":"https:\/\/mam.nc\/#organization"},"potentialAction":[{"@type":"SearchAction","target":{"@type":"EntryPoint","urlTemplate":"https:\/\/mam.nc\/?s={search_term_string}"},"query-input":{"@type":"PropertyValueSpecification","valueRequired":true,"valueName":"search_term_string"}}],"inLanguage":"en-GB"},{"@type":"Organization","@id":"https:\/\/mam.nc\/#organization","name":"MAM","url":"https:\/\/mam.nc\/","logo":{"@type":"ImageObject","inLanguage":"en-GB","@id":"https:\/\/mam.nc\/#\/schema\/logo\/image\/","url":"https:\/\/mam.nc\/wp-content\/uploads\/2024\/09\/LOGO_MAM_V2-01-1.webp","contentUrl":"https:\/\/mam.nc\/wp-content\/uploads\/2024\/09\/LOGO_MAM_V2-01-1.webp","width":442,"height":292,"caption":"MAM"},"image":{"@id":"https:\/\/mam.nc\/#\/schema\/logo\/image\/"},"sameAs":["https:\/\/www.facebook.com\/MamAssistanceConnectee\/","https:\/\/www.linkedin.com\/company\/mam-l-assistance-connectee\/"]}]}},"_links":{"self":[{"href":"https:\/\/mam.nc\/en\/wp-json\/wp\/v2\/pages\/48","targetHints":{"allow":["GET"]}}],"collection":[{"href":"https:\/\/mam.nc\/en\/wp-json\/wp\/v2\/pages"}],"about":[{"href":"https:\/\/mam.nc\/en\/wp-json\/wp\/v2\/types\/page"}],"author":[{"embeddable":true,"href":"https:\/\/mam.nc\/en\/wp-json\/wp\/v2\/users\/1"}],"replies":[{"embeddable":true,"href":"https:\/\/mam.nc\/en\/wp-json\/wp\/v2\/comments?post=48"}],"version-history":[{"count":4,"href":"https:\/\/mam.nc\/en\/wp-json\/wp\/v2\/pages\/48\/revisions"}],"predecessor-version":[{"id":921,"href":"https:\/\/mam.nc\/en\/wp-json\/wp\/v2\/pages\/48\/revisions\/921"}],"wp:attachment":[{"href":"https:\/\/mam.nc\/en\/wp-json\/wp\/v2\/media?parent=48"}],"curies":[{"name":"wp","href":"https:\/\/api.w.org\/{rel}","templated":true}]}}